{"id":188,"date":"2024-08-06T15:39:52","date_gmt":"2024-08-06T12:39:52","guid":{"rendered":"https:\/\/www.loviisaminkkinen.com\/?page_id=188"},"modified":"2025-05-21T15:13:52","modified_gmt":"2025-05-21T12:13:52","slug":"tarina-loviisan-luovan-tilan-takaa","status":"publish","type":"page","link":"https:\/\/www.loviisaminkkinen.com\/index.php\/tarina-loviisan-luovan-tilan-takaa\/","title":{"rendered":"Tarinani"},"content":{"rendered":"<div class=\"wp-block-image is-style-default\">\n<figure class=\"alignleft size-large is-resized\"><img loading=\"lazy\" decoding=\"async\" width=\"683\" height=\"1024\" src=\"https:\/\/www.loviisaminkkinen.com\/wp-content\/uploads\/2025\/02\/IMG_1399-683x1024.jpeg\" alt=\"\" class=\"wp-image-1500\" style=\"width:500px;height:auto\" srcset=\"https:\/\/www.loviisaminkkinen.com\/wp-content\/uploads\/2025\/02\/IMG_1399-683x1024.jpeg 683w, https:\/\/www.loviisaminkkinen.com\/wp-content\/uploads\/2025\/02\/IMG_1399-scaled-416x624.jpeg 416w, https:\/\/www.loviisaminkkinen.com\/wp-content\/uploads\/2025\/02\/IMG_1399-200x300.jpeg 200w, https:\/\/www.loviisaminkkinen.com\/wp-content\/uploads\/2025\/02\/IMG_1399-768x1152.jpeg 768w, https:\/\/www.loviisaminkkinen.com\/wp-content\/uploads\/2025\/02\/IMG_1399-1024x1536.jpeg 1024w, https:\/\/www.loviisaminkkinen.com\/wp-content\/uploads\/2025\/02\/IMG_1399-1365x2048.jpeg 1365w, https:\/\/www.loviisaminkkinen.com\/wp-content\/uploads\/2025\/02\/IMG_1399-scaled.jpeg 1707w\" sizes=\"auto, (max-width: 683px) 100vw, 683px\" \/><\/figure>\n<\/div>\n\n\n<p class=\"has-text-align-center has-normal-font-size\" style=\"letter-spacing:2px\"><br>Olen Loviisa Minkkinen, 30-vuotias musiikkikasvattaja, kuvittaja, innostuja, innostaja, akvarellisti ja digipiirt\u00e4j\u00e4, \u00e4iti, vaimo ja tuorehko keraamiikkataiteilija.<\/p>\n\n\n\n<p class=\"has-text-align-center has-normal-font-size\" style=\"letter-spacing:2px\">Valmistuttuani kasvatustieteen maisteriksi olen toiminut musiikinopettajana m\u00e4\u00e4r\u00e4aikaisissa sijaisuuksissa. Samaan aikaan olen p\u00e4\u00e4ssyt toteuttamaan monipuolisia kuvitusprojekteja aina artistien sinkun kansista lastenlaulukirjan kuvituksiin. <br><\/p>\n\n\n\n<p class=\"has-text-align-center has-normal-font-size\" style=\"letter-spacing:2px\">Kun sitten kev\u00e4\u00e4ll\u00e4 2024 kollegat kyseliv\u00e4t mit\u00e4 seuraavaksi, tuli vastattua, ett\u00e4 \u201densi syksyn\u00e4 mulla on v\u00e4h\u00e4n muuta.\u201d<\/p>\n\n\n\n<p class=\"has-text-align-center has-normal-font-size\" style=\"letter-spacing:2px\">Keramiikkaan hurahdin kansalaisopiston kurssilla ja oli aika tunnustaa, ett\u00e4 yritt\u00e4j\u00e4n\u00e4 p\u00e4\u00e4sen toteuttamaan itse\u00e4ni monipuolisella osaamiskent\u00e4ll\u00e4ni. \u201dAloita autotallista\u201d &#8211; tuumasi mieheni, ja se oli lopun alkua! <\/p>\n\n\n\n<p class=\"has-text-align-center has-normal-font-size\" style=\"letter-spacing:2px\">Syyskuussa 2024 autotallissani avautui Loviisan luova tila, joka tarjoaa kursseja aloittelijoille ja toimitilaa ja v\u00e4lineit\u00e4 konkareille. Kaikilla kursseillani l\u00e4ht\u00f6kohtana on, ett\u00e4 idea riitt\u00e4\u00e4 &#8211; t\u00e4\u00e4lt\u00e4 saat loput. Pajani ja p\u00e4\u00e4ni pursuavat ongelmanratkaisukyky\u00e4, ideoita ja apumuotteja. Kokeillaan siis yhdess\u00e4, kuinka saamme ideat todeksi. Tule sin\u00e4kin kokeilemaan viek\u00f6 keramiikka sinut menness\u00e4\u00e4n!<\/p>\n\n\n\n<p class=\"has-text-align-center has-normal-font-size\" style=\"letter-spacing:2px\">T\u00f6it\u00e4ni ja ajankohtaista tunnelmaa Loviisan luovan tilan toiminnasta l\u00f6yd\u00e4t instagramista ja facebookista <a href=\"https:\/\/www.facebook.com\/Loviisan-luova-tila-61564677072092\/?wtsid=rdr_0cb0DUz4zXUL37HZU&amp;hr=1\">Loviisan luova tila<\/a> -tileilt\u00e4.<\/p>\n\n\n\n<p class=\"has-text-align-center has-normal-font-size\" style=\"font-style:normal;font-weight:300;letter-spacing:2px\">Kuva: Tiina Salminen, @tiinasalminen_visual_artist<\/p>\n\n\n\n<p><\/p>\n","protected":false},"excerpt":{"rendered":"<p>Olen Loviisa Minkkinen, 30-vuotias musiikkikasvattaja, kuvittaja, innostuja, innostaja, akvarellisti ja digipiirt\u00e4j\u00e4, \u00e4iti, vaimo ja tuorehko keraamiikkataiteilija. Valmistuttuani kasvatustieteen maisteriksi olen toiminut musiikinopettajana m\u00e4\u00e4r\u00e4aikaisissa sijaisuuksissa. Samaan aikaan olen p\u00e4\u00e4ssyt toteuttamaan monipuolisia kuvitusprojekteja aina artistien sinkun kansista lastenlaulukirjan kuvituksiin. Kun sitten kev\u00e4\u00e4ll\u00e4 2024 kollegat kyseliv\u00e4t mit\u00e4 seuraavaksi, tuli vastattua, ett\u00e4 \u201densi syksyn\u00e4 mulla on v\u00e4h\u00e4n muuta.\u201d Keramiikkaan [&hellip;]<\/p>\n","protected":false},"author":1,"featured_media":0,"parent":0,"menu_order":0,"comment_status":"closed","ping_status":"closed","template":"","meta":{"footnotes":""},"class_list":["post-188","page","type-page","status-publish","hentry"],"yoast_head":"<!-- This site is optimized with the Yoast SEO plugin v27.5 - https:\/\/yoast.com\/product\/yoast-seo-wordpress\/ -->\n<title>Tarinani - Loviisan luova tila<\/title>\n<meta name=\"description\" content=\"Miten valmistaudut keramiikkakurssille? Saapumisohjeet ja muuta tietoa Loviisan Luova Tila -keramiikkapajan kurssille osallistumisesta.\" \/>\n<meta name=\"robots\" content=\"index, follow, max-snippet:-1, max-image-preview:large, max-video-preview:-1\" \/>\n<link rel=\"canonical\" href=\"https:\/\/www.loviisaminkkinen.com\/index.php\/tarina-loviisan-luovan-tilan-takaa\/\" \/>\n<meta property=\"og:locale\" content=\"fi_FI\" \/>\n<meta property=\"og:type\" content=\"article\" \/>\n<meta property=\"og:title\" content=\"Tarinani - Loviisan luova tila\" \/>\n<meta property=\"og:description\" content=\"Miten valmistaudut keramiikkakurssille? Saapumisohjeet ja muuta tietoa Loviisan Luova Tila -keramiikkapajan kurssille osallistumisesta.\" \/>\n<meta property=\"og:url\" content=\"https:\/\/www.loviisaminkkinen.com\/index.php\/tarina-loviisan-luovan-tilan-takaa\/\" \/>\n<meta property=\"og:site_name\" content=\"Loviisan luova tila\" \/>\n<meta property=\"article:publisher\" content=\"https:\/\/www.facebook.com\/Loviisan-luova-tila-61564677072092\/?hr=1\" \/>\n<meta property=\"article:modified_time\" content=\"2025-05-21T12:13:52+00:00\" \/>\n<meta property=\"og:image\" content=\"https:\/\/www.loviisaminkkinen.com\/wp-content\/uploads\/2025\/02\/IMG_1399-scaled.jpeg\" \/>\n\t<meta property=\"og:image:width\" content=\"1707\" \/>\n\t<meta property=\"og:image:height\" content=\"2560\" \/>\n\t<meta property=\"og:image:type\" content=\"image\/jpeg\" \/>\n<meta name=\"twitter:card\" content=\"summary_large_image\" \/>\n<meta name=\"twitter:label1\" content=\"Arvioitu lukuaika\" \/>\n\t<meta name=\"twitter:data1\" content=\"2 minuuttia\" \/>\n<script type=\"application\/ld+json\" class=\"yoast-schema-graph\">{\"@context\":\"https:\\\/\\\/schema.org\",\"@graph\":[{\"@type\":\"WebPage\",\"@id\":\"https:\\\/\\\/www.loviisaminkkinen.com\\\/index.php\\\/tarina-loviisan-luovan-tilan-takaa\\\/\",\"url\":\"https:\\\/\\\/www.loviisaminkkinen.com\\\/index.php\\\/tarina-loviisan-luovan-tilan-takaa\\\/\",\"name\":\"Tarinani - Loviisan luova tila\",\"isPartOf\":{\"@id\":\"https:\\\/\\\/www.loviisaminkkinen.com\\\/#website\"},\"primaryImageOfPage\":{\"@id\":\"https:\\\/\\\/www.loviisaminkkinen.com\\\/index.php\\\/tarina-loviisan-luovan-tilan-takaa\\\/#primaryimage\"},\"image\":{\"@id\":\"https:\\\/\\\/www.loviisaminkkinen.com\\\/index.php\\\/tarina-loviisan-luovan-tilan-takaa\\\/#primaryimage\"},\"thumbnailUrl\":\"https:\\\/\\\/www.loviisaminkkinen.com\\\/wp-content\\\/uploads\\\/2025\\\/02\\\/IMG_1399-683x1024.jpeg\",\"datePublished\":\"2024-08-06T12:39:52+00:00\",\"dateModified\":\"2025-05-21T12:13:52+00:00\",\"description\":\"Miten valmistaudut keramiikkakurssille? Saapumisohjeet ja muuta tietoa Loviisan Luova Tila -keramiikkapajan kurssille osallistumisesta.\",\"breadcrumb\":{\"@id\":\"https:\\\/\\\/www.loviisaminkkinen.com\\\/index.php\\\/tarina-loviisan-luovan-tilan-takaa\\\/#breadcrumb\"},\"inLanguage\":\"fi\",\"potentialAction\":[{\"@type\":\"ReadAction\",\"target\":[\"https:\\\/\\\/www.loviisaminkkinen.com\\\/index.php\\\/tarina-loviisan-luovan-tilan-takaa\\\/\"]}]},{\"@type\":\"ImageObject\",\"inLanguage\":\"fi\",\"@id\":\"https:\\\/\\\/www.loviisaminkkinen.com\\\/index.php\\\/tarina-loviisan-luovan-tilan-takaa\\\/#primaryimage\",\"url\":\"https:\\\/\\\/www.loviisaminkkinen.com\\\/wp-content\\\/uploads\\\/2025\\\/02\\\/IMG_1399-scaled.jpeg\",\"contentUrl\":\"https:\\\/\\\/www.loviisaminkkinen.com\\\/wp-content\\\/uploads\\\/2025\\\/02\\\/IMG_1399-scaled.jpeg\",\"width\":1707,\"height\":2560,\"caption\":\"Loviisa Minkkinen, Loviisan Luovan Tilan yritt\u00e4j\u00e4\"},{\"@type\":\"BreadcrumbList\",\"@id\":\"https:\\\/\\\/www.loviisaminkkinen.com\\\/index.php\\\/tarina-loviisan-luovan-tilan-takaa\\\/#breadcrumb\",\"itemListElement\":[{\"@type\":\"ListItem\",\"position\":1,\"name\":\"Etusivu\",\"item\":\"https:\\\/\\\/www.loviisaminkkinen.com\\\/\"},{\"@type\":\"ListItem\",\"position\":2,\"name\":\"Tarinani\"}]},{\"@type\":\"WebSite\",\"@id\":\"https:\\\/\\\/www.loviisaminkkinen.com\\\/#website\",\"url\":\"https:\\\/\\\/www.loviisaminkkinen.com\\\/\",\"name\":\"Loviisan luova tila\",\"description\":\"Keramiikka Jyv&auml;skyl&auml;\",\"publisher\":{\"@id\":\"https:\\\/\\\/www.loviisaminkkinen.com\\\/#organization\"},\"potentialAction\":[{\"@type\":\"SearchAction\",\"target\":{\"@type\":\"EntryPoint\",\"urlTemplate\":\"https:\\\/\\\/www.loviisaminkkinen.com\\\/?s={search_term_string}\"},\"query-input\":{\"@type\":\"PropertyValueSpecification\",\"valueRequired\":true,\"valueName\":\"search_term_string\"}}],\"inLanguage\":\"fi\"},{\"@type\":\"Organization\",\"@id\":\"https:\\\/\\\/www.loviisaminkkinen.com\\\/#organization\",\"name\":\"Loviisan luova tila\",\"url\":\"https:\\\/\\\/www.loviisaminkkinen.com\\\/\",\"logo\":{\"@type\":\"ImageObject\",\"inLanguage\":\"fi\",\"@id\":\"https:\\\/\\\/www.loviisaminkkinen.com\\\/#\\\/schema\\\/logo\\\/image\\\/\",\"url\":\"https:\\\/\\\/www.loviisaminkkinen.com\\\/wp-content\\\/uploads\\\/2025\\\/03\\\/cropped-IMG_1747.png\",\"contentUrl\":\"https:\\\/\\\/www.loviisaminkkinen.com\\\/wp-content\\\/uploads\\\/2025\\\/03\\\/cropped-IMG_1747.png\",\"width\":2999,\"height\":2765,\"caption\":\"Loviisan luova tila\"},\"image\":{\"@id\":\"https:\\\/\\\/www.loviisaminkkinen.com\\\/#\\\/schema\\\/logo\\\/image\\\/\"},\"sameAs\":[\"https:\\\/\\\/www.facebook.com\\\/Loviisan-luova-tila-61564677072092\\\/?hr=1\",\"https:\\\/\\\/www.instagram.com\\\/loviisaminkkinen\"]}]}<\/script>\n<!-- \/ Yoast SEO plugin. -->","yoast_head_json":{"title":"Tarinani - Loviisan luova tila","description":"Miten valmistaudut keramiikkakurssille? Saapumisohjeet ja muuta tietoa Loviisan Luova Tila -keramiikkapajan kurssille osallistumisesta.","robots":{"index":"index","follow":"follow","max-snippet":"max-snippet:-1","max-image-preview":"max-image-preview:large","max-video-preview":"max-video-preview:-1"},"canonical":"https:\/\/www.loviisaminkkinen.com\/index.php\/tarina-loviisan-luovan-tilan-takaa\/","og_locale":"fi_FI","og_type":"article","og_title":"Tarinani - Loviisan luova tila","og_description":"Miten valmistaudut keramiikkakurssille? Saapumisohjeet ja muuta tietoa Loviisan Luova Tila -keramiikkapajan kurssille osallistumisesta.","og_url":"https:\/\/www.loviisaminkkinen.com\/index.php\/tarina-loviisan-luovan-tilan-takaa\/","og_site_name":"Loviisan luova tila","article_publisher":"https:\/\/www.facebook.com\/Loviisan-luova-tila-61564677072092\/?hr=1","article_modified_time":"2025-05-21T12:13:52+00:00","og_image":[{"width":1707,"height":2560,"url":"https:\/\/www.loviisaminkkinen.com\/wp-content\/uploads\/2025\/02\/IMG_1399-scaled.jpeg","type":"image\/jpeg"}],"twitter_card":"summary_large_image","twitter_misc":{"Arvioitu lukuaika":"2 minuuttia"},"schema":{"@context":"https:\/\/schema.org","@graph":[{"@type":"WebPage","@id":"https:\/\/www.loviisaminkkinen.com\/index.php\/tarina-loviisan-luovan-tilan-takaa\/","url":"https:\/\/www.loviisaminkkinen.com\/index.php\/tarina-loviisan-luovan-tilan-takaa\/","name":"Tarinani - Loviisan luova tila","isPartOf":{"@id":"https:\/\/www.loviisaminkkinen.com\/#website"},"primaryImageOfPage":{"@id":"https:\/\/www.loviisaminkkinen.com\/index.php\/tarina-loviisan-luovan-tilan-takaa\/#primaryimage"},"image":{"@id":"https:\/\/www.loviisaminkkinen.com\/index.php\/tarina-loviisan-luovan-tilan-takaa\/#primaryimage"},"thumbnailUrl":"https:\/\/www.loviisaminkkinen.com\/wp-content\/uploads\/2025\/02\/IMG_1399-683x1024.jpeg","datePublished":"2024-08-06T12:39:52+00:00","dateModified":"2025-05-21T12:13:52+00:00","description":"Miten valmistaudut keramiikkakurssille? Saapumisohjeet ja muuta tietoa Loviisan Luova Tila -keramiikkapajan kurssille osallistumisesta.","breadcrumb":{"@id":"https:\/\/www.loviisaminkkinen.com\/index.php\/tarina-loviisan-luovan-tilan-takaa\/#breadcrumb"},"inLanguage":"fi","potentialAction":[{"@type":"ReadAction","target":["https:\/\/www.loviisaminkkinen.com\/index.php\/tarina-loviisan-luovan-tilan-takaa\/"]}]},{"@type":"ImageObject","inLanguage":"fi","@id":"https:\/\/www.loviisaminkkinen.com\/index.php\/tarina-loviisan-luovan-tilan-takaa\/#primaryimage","url":"https:\/\/www.loviisaminkkinen.com\/wp-content\/uploads\/2025\/02\/IMG_1399-scaled.jpeg","contentUrl":"https:\/\/www.loviisaminkkinen.com\/wp-content\/uploads\/2025\/02\/IMG_1399-scaled.jpeg","width":1707,"height":2560,"caption":"Loviisa Minkkinen, Loviisan Luovan Tilan yritt\u00e4j\u00e4"},{"@type":"BreadcrumbList","@id":"https:\/\/www.loviisaminkkinen.com\/index.php\/tarina-loviisan-luovan-tilan-takaa\/#breadcrumb","itemListElement":[{"@type":"ListItem","position":1,"name":"Etusivu","item":"https:\/\/www.loviisaminkkinen.com\/"},{"@type":"ListItem","position":2,"name":"Tarinani"}]},{"@type":"WebSite","@id":"https:\/\/www.loviisaminkkinen.com\/#website","url":"https:\/\/www.loviisaminkkinen.com\/","name":"Loviisan luova tila","description":"Keramiikka Jyv&auml;skyl&auml;","publisher":{"@id":"https:\/\/www.loviisaminkkinen.com\/#organization"},"potentialAction":[{"@type":"SearchAction","target":{"@type":"EntryPoint","urlTemplate":"https:\/\/www.loviisaminkkinen.com\/?s={search_term_string}"},"query-input":{"@type":"PropertyValueSpecification","valueRequired":true,"valueName":"search_term_string"}}],"inLanguage":"fi"},{"@type":"Organization","@id":"https:\/\/www.loviisaminkkinen.com\/#organization","name":"Loviisan luova tila","url":"https:\/\/www.loviisaminkkinen.com\/","logo":{"@type":"ImageObject","inLanguage":"fi","@id":"https:\/\/www.loviisaminkkinen.com\/#\/schema\/logo\/image\/","url":"https:\/\/www.loviisaminkkinen.com\/wp-content\/uploads\/2025\/03\/cropped-IMG_1747.png","contentUrl":"https:\/\/www.loviisaminkkinen.com\/wp-content\/uploads\/2025\/03\/cropped-IMG_1747.png","width":2999,"height":2765,"caption":"Loviisan luova tila"},"image":{"@id":"https:\/\/www.loviisaminkkinen.com\/#\/schema\/logo\/image\/"},"sameAs":["https:\/\/www.facebook.com\/Loviisan-luova-tila-61564677072092\/?hr=1","https:\/\/www.instagram.com\/loviisaminkkinen"]}]}},"_links":{"self":[{"href":"https:\/\/www.loviisaminkkinen.com\/index.php\/wp-json\/wp\/v2\/pages\/188","targetHints":{"allow":["GET"]}}],"collection":[{"href":"https:\/\/www.loviisaminkkinen.com\/index.php\/wp-json\/wp\/v2\/pages"}],"about":[{"href":"https:\/\/www.loviisaminkkinen.com\/index.php\/wp-json\/wp\/v2\/types\/page"}],"author":[{"embeddable":true,"href":"https:\/\/www.loviisaminkkinen.com\/index.php\/wp-json\/wp\/v2\/users\/1"}],"replies":[{"embeddable":true,"href":"https:\/\/www.loviisaminkkinen.com\/index.php\/wp-json\/wp\/v2\/comments?post=188"}],"version-history":[{"count":69,"href":"https:\/\/www.loviisaminkkinen.com\/index.php\/wp-json\/wp\/v2\/pages\/188\/revisions"}],"predecessor-version":[{"id":2648,"href":"https:\/\/www.loviisaminkkinen.com\/index.php\/wp-json\/wp\/v2\/pages\/188\/revisions\/2648"}],"wp:attachment":[{"href":"https:\/\/www.loviisaminkkinen.com\/index.php\/wp-json\/wp\/v2\/media?parent=188"}],"curies":[{"name":"wp","href":"https:\/\/api.w.org\/{rel}","templated":true}]}}